{"id":1509,"date":"2019-04-18T21:35:00","date_gmt":"2019-04-18T19:35:00","guid":{"rendered":"https:\/\/gradskimuzej.subotica.rs\/?page_id=1509"},"modified":"2019-05-02T21:18:54","modified_gmt":"2019-05-02T19:18:54","slug":"neprajzi-osztaly","status":"publish","type":"page","link":"https:\/\/gradskimuzej.subotica.rs\/?page_id=1509&lang=sr","title":{"rendered":"Etnolo\u0161ko odeljenje"},"content":{"rendered":"\n<p>\nZa\nformiranje <strong>Vanevropske\nzbirke<\/strong>\nzasluga pripada prvenstverno Oskaru Vojni\u0107u \u010diji je san bio\nstvaranje muzeja u gradu. Sa svojih op\u0161irno dokumentovanih putovanja\npo\u010dev\u0161i od kraja 19. veka donosio je u Suboticu prvo kamenje i\ntrofeje, a zatim i predmete koje je koristilo domoroda\u010dko\nstanovni\u0161tvo, Pojedine predmete je ponudio ili prodao Etnografskom\nodeljenju\nMa\u0111arskog nacionalnog muzeja, dok je ostale predmete pohranio u\nsvojoj rodnoj ku\u0107i u Subotici sve do trenutka kada se steknu uslovi\nda se po njegovoj \u017eelji ili zamisli ne osnuje suboti\u010dki muzej.\nNjegova smrt, kao i promena granica nakon Prvog svetskog rata, imali\nsu odlu\u010duju\u0107i uticaj na sudbinu zbirke: neki od trofeja, oru\u017eja i\npredmeta podeljeni su izme\u0111u naslednika, a neke su prisvojili\nnepoznati po\u010dinioci. Preostali muzejski predmeti su posle Drugog\nsvetskog rata preneti u Muzej lova na Pali\u0107u, a zatim u Muzej grada\nSubotice koji\nje osnovan\n1948. godine.<\/p>\n\n\n\n<p>\nZbirka\nobuhvata azijske, afri\u010dke i okeanijske trofeje i etnografske\npredmete.<\/p>\n\n\n\n<p>\nU\nVanevropskoj zbirci se nalazi i legat Lasla Bale (Balla L\u00e1szl\u00f3)\nkoji je u vidu poklona dospeo u Gradski muzej 2016. godine kada su\nnaslednici nekada\u0161njeg konzula u Centralnoj Africi poklonili\npredmete Muzeju.<\/p>\n\n\n\n<p>\nPretpostavlja\nse  da su u Vanevropsku zbirku u\nSubotici dospele iz Lova\u010dkog muzeja na Pali\u0107u i manje zbirke\nveleposednika Emila Talijana, Arsena Damaskina i Balinta Fernbaha.\nNjihova zajedni\u010dka osobina je da su mnoga njihova putovanja na\nprelazu iz 19. u 20.\n\nvek bila usmerena na razli\u010dite delove Afrike odakle su donosili\ntrofeje i etnografske predmete prvenstveno za vlastite lova\u010dke sobe,\nodakle su nakon nacionalizacije dospeli u lokalne muzeje.<\/p>\n\n\n\n<p>\n<strong>Evropska\nzbirka<\/strong>\nsadr\u017ei etnografske predmete koji se ne odnose na pripadnike etni\u010dkih\nzajednica koje spadaju u oblast istra\u017eivanja i sakupljanja Gradskog\nmuzeja u Subotici (Subotica, Ba\u010dka Topola, Mali I\u0111o\u0161), ali su s\naspekta same zbirke veoma va\u017eni i dragoceni. Formiranje zbirke\nje ura\u0111eno zato \u0161to bi ignorisanje zbirke predmeta  povezanih sa\nodre\u0111enom osobom predstavljalo fundamentalnu gre\u0161ku.<\/p>\n\n\n\n<p>\n<strong>Zbirka\nfotografija i dokumenata<\/strong>\nformirana je zahvaljuju\u0107i specifi\u010dnim zahtevima i materijalima:\nosim \u0161to su ovde pohranjeni ve\u0107 spomenuti tipovi predmeta, u ovu\nzbirku su uvr\u0161tene i geografske mape, kao i notne sveske.<\/p>\n\n\n\n<p>\n<strong>Zbirka\nno\u0161nji <\/strong>(kolekcija\ntekstila) se isti\u010de pre svega zbog samih narodnih no\u0161nji, ali\nsu\niz prakti\u010dnih razloga ovde uvr\u0161teni i ku\u0107ni tekstili. Me\u0111u\nno\u0161njama posebnu pa\u017enju zaslu\u017euju veoma bogata bunjeva\u010dka i\nma\u0111arska sve\u010dana ode\u0107a, kao i seosko-gra\u0111anska ode\u0107a iz 20.\nveka. Mo\u017eemo da se pohvalimo i bogatom zbirkom donjeg ve\u0161a. Deo\nzbirke\npredstavljaju i kolekcije obu\u0107e i \u0161e\u0161ira.<\/p>\n\n\n\n<p>\nU\ngrupu predmeta koji pripadaju <strong>doma\u0107instvu<\/strong>\nspadaju predmeti povezani sa svakodnevnim \u017eivotom porodica koje su\nse bavile tradicionalnom poljoprivredom ili sto\u010darstvom, a koji\npredstavljaju upotrebne i radne alate u svakodnevnom \u017eivotu porodica\nu suboti\u010dkom ataru od sredine 19. veka do kraja 20. veka. U ovu\ngrupu spadaju i <strong>poljoprivredni\n<\/strong>i\n<strong>sto\u010darski<\/strong>\nalati, kao i predmeti povezani sa <strong>vinogradarstvom.\n<\/strong>\n<\/p>\n\n\n\n<p>\n\u0160to\nse ti\u010de brojnosti predmeta,<strong>\nzanati<\/strong>\npredstavljaju najbogatiju zbirku \u0161to je\nprimarni dokaz ne samo postojanja raznovrsnih zanata koji su bili\nva\u017ean element urbanog razvoja, nego i na me\u0111usobnu upu\u0107enost sela\ni grada. Mo\u017eemo da se pohvalimo kompletnim zbirkama predmeta za\nradionice kova\u010da, konopd\u017eije, \u0161e\u0161ird\u017eije, izra\u0111iva\u010da ve\u0161ta\u0161kog\ncve\u0107a, kazand\u017eije, stolara i obu\u0107ara<\/p>\n\n\n\n<p>\nTako\u0111e\ntreba spomenuti na\u0161u<strong>\nzbirku uspomena na cehovsku pripadnost<\/strong>:\ncehovi su pre dono\u0161enja zakona o zanatskim udru\u017eenjima bili va\u017ene\norganizacije za za\u0161titu interesa zanatlija i zajedno sa trgovinom\nsu\nu\nvelikoj meri doprinosili\nurbanom razvoju.<\/p>\n\n\n\n<p>\nPored\npredmeta tradicionalnog seoskog doma\u0107instva <strong>z<\/strong><strong>birka\nku\u0107nog enterijera<\/strong>\nsadr\u017ei i komade name\u0161taja seosko-gra\u0111anskog stanovni\u0161tva sve do\nkraja \u0161ezdesetih godina 20. veka. Zahvaljuju\u0107i toj \u010dinjenici deo\nzbirke\npredstavljaju i predmeti kao \u0161to su radio ili televizor.<\/p>\n\n\n\n<p>\nPosebnu\npa\u017enju iziskuju i <strong>z<\/strong><strong>birke\nsakralnih predmeta, \u010dasovnika i name\u0161taja<\/strong>.<\/p>\n","protected":false},"excerpt":{"rendered":"<p>Za formiranje Vanevropske zbirke zasluga pripada prvenstverno Oskaru Vojni\u0107u \u010diji je san bio stvaranje muzeja u gradu. Sa svojih op\u0161irno dokumentovanih putovanja po\u010dev\u0161i od kraja 19. veka donosio je u Suboticu prvo kamenje i trofeje, a zatim i predmete koje je koristilo domoroda\u010dko stanovni\u0161tvo, Pojedine predmete je ponudio ili prodao Etnografskom odeljenju Ma\u0111arskog nacionalnog muzeja, [&hellip;]<\/p>\n","protected":false},"author":2,"featured_media":2252,"parent":1507,"menu_order":2,"comment_status":"closed","ping_status":"closed","template":"","meta":{"footnotes":""},"_links":{"self":[{"href":"https:\/\/gradskimuzej.subotica.rs\/index.php?rest_route=\/wp\/v2\/pages\/1509"}],"collection":[{"href":"https:\/\/gradskimuzej.subotica.rs\/index.php?rest_route=\/wp\/v2\/pages"}],"about":[{"href":"https:\/\/gradskimuzej.subotica.rs\/index.php?rest_route=\/wp\/v2\/types\/page"}],"author":[{"embeddable":true,"href":"https:\/\/gradskimuzej.subotica.rs\/index.php?rest_route=\/wp\/v2\/users\/2"}],"replies":[{"embeddable":true,"href":"https:\/\/gradskimuzej.subotica.rs\/index.php?rest_route=%2Fwp%2Fv2%2Fcomments&post=1509"}],"version-history":[{"count":1,"href":"https:\/\/gradskimuzej.subotica.rs\/index.php?rest_route=\/wp\/v2\/pages\/1509\/revisions"}],"predecessor-version":[{"id":1510,"href":"https:\/\/gradskimuzej.subotica.rs\/index.php?rest_route=\/wp\/v2\/pages\/1509\/revisions\/1510"}],"up":[{"embeddable":true,"href":"https:\/\/gradskimuzej.subotica.rs\/index.php?rest_route=\/wp\/v2\/pages\/1507"}],"wp:featuredmedia":[{"embeddable":true,"href":"https:\/\/gradskimuzej.subotica.rs\/index.php?rest_route=\/wp\/v2\/media\/2252"}],"wp:attachment":[{"href":"https:\/\/gradskimuzej.subotica.rs\/index.php?rest_route=%2Fwp%2Fv2%2Fmedia&parent=1509"}],"curies":[{"name":"wp","href":"https:\/\/api.w.org\/{rel}","templated":true}]}}